{"id":292,"date":"2023-02-13T12:06:31","date_gmt":"2023-02-13T12:06:31","guid":{"rendered":"https:\/\/viagenspormarrocos.com\/it\/?page_id=292"},"modified":"2023-02-13T12:32:35","modified_gmt":"2023-02-13T12:32:35","slug":"chi-siamo","status":"publish","type":"page","link":"https:\/\/viagenspormarrocos.com\/it\/chi-siamo\/","title":{"rendered":"chi siamo"},"content":{"rendered":"\t\t<div data-elementor-type=\"wp-page\" data-elementor-id=\"292\" class=\"elementor elementor-292\">\n\t\t\t\t\t\t<section class=\"elementor-section elementor-top-section elementor-element elementor-element-8c0f97f elementor-section-boxed elementor-section-height-default elementor-section-height-default\" data-id=\"8c0f97f\" data-element_type=\"section\" data-e-type=\"section\">\n\t\t\t\t\t\t<div class=\"elementor-container elementor-column-gap-default\">\n\t\t\t\t\t<div class=\"elementor-column elementor-col-100 elementor-top-column elementor-element elementor-element-214e9cc\" data-id=\"214e9cc\" data-element_type=\"column\" data-e-type=\"column\">\n\t\t\t<div class=\"elementor-widget-wrap elementor-element-populated\">\n\t\t\t\t\t\t<div class=\"elementor-element elementor-element-1d02c71 elementor-widget elementor-widget-heading\" data-id=\"1d02c71\" data-element_type=\"widget\" data-e-type=\"widget\" data-widget_type=\"heading.default\">\n\t\t\t\t\t<h1 class=\"elementor-heading-title elementor-size-default\">chi siamo\n<\/h1>\t\t\t\t<\/div>\n\t\t\t\t\t<\/div>\n\t\t<\/div>\n\t\t\t\t\t<\/div>\n\t\t<\/section>\n\t\t\t\t<section class=\"elementor-section elementor-top-section elementor-element elementor-element-1ff0f67 elementor-section-boxed elementor-section-height-default elementor-section-height-default\" data-id=\"1ff0f67\" data-element_type=\"section\" data-e-type=\"section\">\n\t\t\t\t\t\t<div class=\"elementor-container elementor-column-gap-default\">\n\t\t\t\t\t<div class=\"elementor-column elementor-col-100 elementor-top-column elementor-element elementor-element-3253e4e\" data-id=\"3253e4e\" data-element_type=\"column\" data-e-type=\"column\">\n\t\t\t<div class=\"elementor-widget-wrap elementor-element-populated\">\n\t\t\t\t\t\t<div class=\"elementor-element elementor-element-76f50f0 elementor-widget elementor-widget-image\" data-id=\"76f50f0\" data-element_type=\"widget\" data-e-type=\"widget\" data-widget_type=\"image.default\">\n\t\t\t\t\t\t\t\t\t\t\t\t\t\t\t<img fetchpriority=\"high\" decoding=\"async\" width=\"300\" height=\"225\" src=\"https:\/\/viagenspormarrocos.com\/it\/wp-content\/uploads\/2023\/02\/13254413_629991517153913_6919479716474951456_n.jpg\" class=\"attachment-large size-large wp-image-10\" alt=\"Chi Siamo\" \/>\t\t\t\t\t\t\t\t\t\t\t\t\t\t\t<\/div>\n\t\t\t\t\t<\/div>\n\t\t<\/div>\n\t\t\t\t\t<\/div>\n\t\t<\/section>\n\t\t\t\t<section class=\"elementor-section elementor-top-section elementor-element elementor-element-13fc2e8 elementor-section-boxed elementor-section-height-default elementor-section-height-default\" data-id=\"13fc2e8\" data-element_type=\"section\" data-e-type=\"section\">\n\t\t\t\t\t\t<div class=\"elementor-container elementor-column-gap-default\">\n\t\t\t\t\t<div class=\"elementor-column elementor-col-100 elementor-top-column elementor-element elementor-element-99382d0\" data-id=\"99382d0\" data-element_type=\"column\" data-e-type=\"column\">\n\t\t\t<div class=\"elementor-widget-wrap elementor-element-populated\">\n\t\t\t\t\t\t<div class=\"elementor-element elementor-element-42ccd06 elementor-widget elementor-widget-text-editor\" data-id=\"42ccd06\" data-element_type=\"widget\" data-e-type=\"widget\" data-widget_type=\"text-editor.default\">\n\t\t\t\t\t\t\t\t\t<p>chi siamo, sa3id \u00e8 un giovane berbero nato e cresciuto nel deserto del sud del <a href=\"https:\/\/it.wikipedia.org\/wiki\/Morocco\">Marocco<\/a>. Parla spagnolo, francese, italiano e arabo, e anche la loro<br \/>lingua madre e <a href=\"https:\/\/it.wikipedia.org\/wiki\/Berbera\">berbera<\/a>. sa3id e un ragazzio fascinato per la semplicit\u00e0 di vita nel deserto e trova grande satisfazione di esere a l servici di ee viaggiatori del sud di Marocco. Ha molti anni di esperienza di guidare i viaggiatori attraverso il Marocco, la sua specialit\u00e0 attraversare il deserto e percorsi cammello al sud affabile e paziente, competente<br \/>e attento. sa3id ha le qualit\u00e0 che lo rendono una guida competente e un grande compagno di viaggio. Con esso, potrete godere dalla vostra assicurazione e piacere del viaggio.<\/p><table border=\"0\" width=\"584\" cellspacing=\"0\" cellpadding=\"0\" align=\"center\"><tbody><tr><td align=\"center\" width=\"102\" height=\"40\"><img decoding=\"async\" src=\"https:\/\/viagenspormarrocos.com\/947017_467288346684730_279938443_n.jpg\" width=\"276\" height=\"206\" \/><\/td><td align=\"center\" width=\"102\"><img decoding=\"async\" src=\"https:\/\/viagenspormarrocos.com\/551774_3947260249391_1232606996_n.jpg\" width=\"276\" height=\"206\" \/><\/td><\/tr><\/tbody><\/table>\t\t\t\t\t\t\t\t<\/div>\n\t\t\t\t\t<\/div>\n\t\t<\/div>\n\t\t\t\t\t<\/div>\n\t\t<\/section>\n\t\t\t\t<section class=\"elementor-section elementor-top-section elementor-element elementor-element-d014cef elementor-section-boxed elementor-section-height-default elementor-section-height-default\" data-id=\"d014cef\" data-element_type=\"section\" data-e-type=\"section\">\n\t\t\t\t\t\t<div class=\"elementor-container elementor-column-gap-default\">\n\t\t\t\t\t<div class=\"elementor-column elementor-col-100 elementor-top-column elementor-element elementor-element-e5b0579\" data-id=\"e5b0579\" data-element_type=\"column\" data-e-type=\"column\">\n\t\t\t<div class=\"elementor-widget-wrap elementor-element-populated\">\n\t\t\t\t\t\t<div class=\"elementor-element elementor-element-85ade36 elementor-widget elementor-widget-heading\" data-id=\"85ade36\" data-element_type=\"widget\" data-e-type=\"widget\" data-widget_type=\"heading.default\">\n\t\t\t\t\t<h2 class=\"elementor-heading-title elementor-size-default\">Experience of our clients<\/h2>\t\t\t\t<\/div>\n\t\t\t\t\t<\/div>\n\t\t<\/div>\n\t\t\t\t\t<\/div>\n\t\t<\/section>\n\t\t\t\t<section class=\"elementor-section elementor-top-section elementor-element elementor-element-ce1658f elementor-section-boxed elementor-section-height-default elementor-section-height-default\" data-id=\"ce1658f\" data-element_type=\"section\" data-e-type=\"section\">\n\t\t\t\t\t\t<div class=\"elementor-container elementor-column-gap-default\">\n\t\t\t\t\t<div class=\"elementor-column elementor-col-100 elementor-top-column elementor-element elementor-element-ce23357\" data-id=\"ce23357\" data-element_type=\"column\" data-e-type=\"column\">\n\t\t\t<div class=\"elementor-widget-wrap elementor-element-populated\">\n\t\t\t\t\t\t<div class=\"elementor-element elementor-element-f28bc9e elementor-widget elementor-widget-shortcode\" data-id=\"f28bc9e\" data-element_type=\"widget\" data-e-type=\"widget\" data-widget_type=\"shortcode.default\">\n\t\t\t\t\t\t\t<div class=\"elementor-shortcode\"><style>#wprev-slider-1 .wprev_preview_bradius_T1 {border-radius: 0px;}<\/style><style><\/style><div class=\"wprev-slider revnotsameheight\" id=\"wprev-slider-1\" data-revsameheight=\"no\" data-onemobil=\"\" data-sliderautoplay=\"\"  data-slidespeed=\"\" data-slideautodelay=\"\" data-sliderhideprevnext=\"\" data-sliderhidedots=\"\" data-sliderfixedheight=\"\"><ul><li>\t\t<div class=\"wptripadvisor_t1_outer_div w3_wprs-row-padding\">\r\n\t\t\t\t<div class=\"wptripadvisor_t1_DIV_1 w3_wprs-col l4 outerrevdiv\">\r\n\t\t\t<div class=\"indrevdiv wptripadvisor_t1_DIV_2 wprev_preview_bg1_T1 wprev_preview_bradius_T1\">\r\n\t\t\t\t<p class=\"wptripadvisor_t1_P_3 wprev_preview_tcolor1_T1\">\r\n\t\t\t\t\t<span class=\"wptripadvisor_star_imgs_T1 wprevpro_star_imgs_T1\"><img decoding=\"async\" src=\"https:\/\/viagenspormarrocos.com\/it\/wp-content\/plugins\/wp-tripadvisor-review-slider\/public\/partials\/imgs\/tripadvisor_stars_5.png\" alt=\"star rating\" class=\"wptripadvisor_t1_star_img_file\">&nbsp;&nbsp;<\/span><span class=\"wprevrevtitle\">Bellissimo deserto<\/span>&nbsp;-&nbsp;Esperienza straordinaria nel deserto con gente berbera, tutti davvero simpatici, campo lussuoso e buon cibo. Consigliato\t\t\t\t<\/p>\r\n\t\t\t\t\t\t\t\t<a href=\"https:\/\/www.tripadvisor.it\/Attraction_Review-g293736-d6201237-Reviews-Viagens_por_marrocos-Rabat_Rabat_Sale_Kenitra.html\" target=\"_blank\" rel=\"nofollow\"><img decoding=\"async\" src=\"https:\/\/viagenspormarrocos.com\/it\/wp-content\/plugins\/wp-tripadvisor-review-slider\/public\/partials\/imgs\/tripadvisor_outline.png\" alt=\"tripadvisor logo\" class=\"wptripadvisor_t1_tripadvisor_logo\"><\/a>\t\t\t<\/div><span class=\"wptripadvisor_t1_A_8\"><img decoding=\"async\" src=\"https:\/\/media-cdn.tripadvisor.com\/media\/photo-l\/06\/64\/69\/b7\/simon-s.jpg\" alt=\"avatar thumb\" class=\"wptripadvisor_t1_IMG_4\" loading=\"lazy\"\/><\/span> <span class=\"wptripadvisor_t1_SPAN_5 wprev_preview_tcolor2_T1\">simonsB6471WP<br\/><span class=\"wprev_showdate_T1\">January 28, 2020<\/span> <\/span>\r\n\t\t<\/div>\r\n\t\t\t\t<div class=\"wptripadvisor_t1_DIV_1 w3_wprs-col l4 outerrevdiv\">\r\n\t\t\t<div class=\"indrevdiv wptripadvisor_t1_DIV_2 wprev_preview_bg1_T1 wprev_preview_bradius_T1\">\r\n\t\t\t\t<p class=\"wptripadvisor_t1_P_3 wprev_preview_tcolor1_T1\">\r\n\t\t\t\t\t<span class=\"wptripadvisor_star_imgs_T1 wprevpro_star_imgs_T1\"><img decoding=\"async\" src=\"https:\/\/viagenspormarrocos.com\/it\/wp-content\/plugins\/wp-tripadvisor-review-slider\/public\/partials\/imgs\/tripadvisor_stars_5.png\" alt=\"star rating\" class=\"wptripadvisor_t1_star_img_file\">&nbsp;&nbsp;<\/span><span class=\"wprevrevtitle\">Buon servizio e strutture<\/span>&nbsp;-&nbsp;La stanza \u00e8 superba, molto accogliente e ha un bagno privato. Siamo anche molto soddisfatti della cena e del fal\u00f2 con la musica dopo. Tutto il personale \u00e8 molto gentile.<a class=\"wprs_rd_more\">... read more<\/a><span class=\"wprs_rd_more_text\" style=\"display:none\"> Incredibile notte nel deserto<\/span>\t\t\t\t<\/p>\r\n\t\t\t\t\t\t\t\t<a href=\"https:\/\/www.tripadvisor.it\/Attraction_Review-g293736-d6201237-Reviews-Viagens_por_marrocos-Rabat_Rabat_Sale_Kenitra.html\" target=\"_blank\" rel=\"nofollow\"><img decoding=\"async\" src=\"https:\/\/viagenspormarrocos.com\/it\/wp-content\/plugins\/wp-tripadvisor-review-slider\/public\/partials\/imgs\/tripadvisor_outline.png\" alt=\"tripadvisor logo\" class=\"wptripadvisor_t1_tripadvisor_logo\"><\/a>\t\t\t<\/div><span class=\"wptripadvisor_t1_A_8\"><img decoding=\"async\" src=\"https:\/\/media-cdn.tripadvisor.com\/media\/photo-l\/1a\/f6\/f2\/11\/default-avatar-2020-23.jpg\" alt=\"avatar thumb\" class=\"wptripadvisor_t1_IMG_4\" loading=\"lazy\"\/><\/span> <span class=\"wptripadvisor_t1_SPAN_5 wprev_preview_tcolor2_T1\">KatiC447<br\/><span class=\"wprev_showdate_T1\">December 20, 2019<\/span> <\/span>\r\n\t\t<\/div>\r\n\t\t\t\t<div class=\"wptripadvisor_t1_DIV_1 w3_wprs-col l4 outerrevdiv\">\r\n\t\t\t<div class=\"indrevdiv wptripadvisor_t1_DIV_2 wprev_preview_bg1_T1 wprev_preview_bradius_T1\">\r\n\t\t\t\t<p class=\"wptripadvisor_t1_P_3 wprev_preview_tcolor1_T1\">\r\n\t\t\t\t\t<span class=\"wptripadvisor_star_imgs_T1 wprevpro_star_imgs_T1\"><img decoding=\"async\" src=\"https:\/\/viagenspormarrocos.com\/it\/wp-content\/plugins\/wp-tripadvisor-review-slider\/public\/partials\/imgs\/tripadvisor_stars_5.png\" alt=\"star rating\" class=\"wptripadvisor_t1_star_img_file\">&nbsp;&nbsp;<\/span><span class=\"wprevrevtitle\">Campo del deserto del Sahara<\/span>&nbsp;-&nbsp;Il campo era bellissimo e le camere erano credibilmente belle. Il cibo era incredibile! Pasto di 3 portate! Il cerchio di tamburi attorno al fuoco \u00e8 stato il pi\u00f9 divertente<a class=\"wprs_rd_more\">... read more<\/a><span class=\"wprs_rd_more_text\" style=\"display:none\"> che abbiamo fatto finora in Marocco! Consiglio vivamente!<\/span>\t\t\t\t<\/p>\r\n\t\t\t\t\t\t\t\t<a href=\"https:\/\/www.tripadvisor.it\/Attraction_Review-g293736-d6201237-Reviews-Viagens_por_marrocos-Rabat_Rabat_Sale_Kenitra.html\" target=\"_blank\" rel=\"nofollow\"><img decoding=\"async\" src=\"https:\/\/viagenspormarrocos.com\/it\/wp-content\/plugins\/wp-tripadvisor-review-slider\/public\/partials\/imgs\/tripadvisor_outline.png\" alt=\"tripadvisor logo\" class=\"wptripadvisor_t1_tripadvisor_logo\"><\/a>\t\t\t<\/div><span class=\"wptripadvisor_t1_A_8\"><img decoding=\"async\" src=\"https:\/\/media-cdn.tripadvisor.com\/media\/photo-l\/1a\/f6\/f1\/42\/default-avatar-2020-20.jpg\" alt=\"avatar thumb\" class=\"wptripadvisor_t1_IMG_4\" loading=\"lazy\"\/><\/span> <span class=\"wptripadvisor_t1_SPAN_5 wprev_preview_tcolor2_T1\">Sam R<br\/><span class=\"wprev_showdate_T1\">November 9, 2019<\/span> <\/span>\r\n\t\t<\/div>\r\n\t\t\t<\/div>\r\n\t<\/li><li class=\"wprevnextslide\">\t\t<div class=\"wptripadvisor_t1_outer_div w3_wprs-row-padding\">\r\n\t\t\t\t<div class=\"wptripadvisor_t1_DIV_1 w3_wprs-col l4 outerrevdiv\">\r\n\t\t\t<div class=\"indrevdiv wptripadvisor_t1_DIV_2 wprev_preview_bg1_T1 wprev_preview_bradius_T1\">\r\n\t\t\t\t<p class=\"wptripadvisor_t1_P_3 wprev_preview_tcolor1_T1\">\r\n\t\t\t\t\t<span class=\"wptripadvisor_star_imgs_T1 wprevpro_star_imgs_T1\"><img decoding=\"async\" src=\"https:\/\/viagenspormarrocos.com\/it\/wp-content\/plugins\/wp-tripadvisor-review-slider\/public\/partials\/imgs\/tripadvisor_stars_5.png\" alt=\"star rating\" class=\"wptripadvisor_t1_star_img_file\">&nbsp;&nbsp;<\/span><span class=\"wprevrevtitle\">Esperienza eccellente<\/span>&nbsp;-&nbsp;Ottimo servizio! Esperienza meravigliosa! La stanza \u00e8 buona con. wifi e bagno privato, anche le prestazioni sono buone! Anche la cena \u00e8 deliziosa! Lo consiglio vivamente!\t\t\t\t<\/p>\r\n\t\t\t\t\t\t\t\t<a href=\"https:\/\/www.tripadvisor.it\/Attraction_Review-g293736-d6201237-Reviews-Viagens_por_marrocos-Rabat_Rabat_Sale_Kenitra.html\" target=\"_blank\" rel=\"nofollow\"><img decoding=\"async\" src=\"https:\/\/viagenspormarrocos.com\/it\/wp-content\/plugins\/wp-tripadvisor-review-slider\/public\/partials\/imgs\/tripadvisor_outline.png\" alt=\"tripadvisor logo\" class=\"wptripadvisor_t1_tripadvisor_logo\"><\/a>\t\t\t<\/div><span class=\"wptripadvisor_t1_A_8\"><img decoding=\"async\" src=\"https:\/\/media-cdn.tripadvisor.com\/media\/photo-l\/1a\/f6\/ed\/7b\/default-avatar-2020-6.jpg\" alt=\"avatar thumb\" class=\"wptripadvisor_t1_IMG_4\" loading=\"lazy\"\/><\/span> <span class=\"wptripadvisor_t1_SPAN_5 wprev_preview_tcolor2_T1\">_R5295RL<br\/><span class=\"wprev_showdate_T1\">January 22, 2020<\/span> <\/span>\r\n\t\t<\/div>\r\n\t\t\t\t<div class=\"wptripadvisor_t1_DIV_1 w3_wprs-col l4 outerrevdiv\">\r\n\t\t\t<div class=\"indrevdiv wptripadvisor_t1_DIV_2 wprev_preview_bg1_T1 wprev_preview_bradius_T1\">\r\n\t\t\t\t<p class=\"wptripadvisor_t1_P_3 wprev_preview_tcolor1_T1\">\r\n\t\t\t\t\t<span class=\"wptripadvisor_star_imgs_T1 wprevpro_star_imgs_T1\"><img decoding=\"async\" src=\"https:\/\/viagenspormarrocos.com\/it\/wp-content\/plugins\/wp-tripadvisor-review-slider\/public\/partials\/imgs\/tripadvisor_stars_4.png\" alt=\"star rating\" class=\"wptripadvisor_t1_star_img_file\">&nbsp;&nbsp;<\/span><span class=\"wprevrevtitle\">Tour molto buono<\/span>&nbsp;-&nbsp;Il tour compr\u00f2 molte cose che non avremmo visto se non fosse stato per la nostra guida turistica.<br \/>\r\nMentre c'erano alcuni lunghi periodi in macchina ne valeva la pena una<a class=\"wprs_rd_more\">... read more<\/a><span class=\"wprs_rd_more_text\" style=\"display:none\"> volta usciti nel deserto e oltre.<br \/>\r\nIl nostro itinerario significava che dovevamo andare e tornare a Marakesh, il che \u00e8 stato un peccato perch\u00e9 Fez e altri posti sono molto meglio.<br \/>\r\nConsiglio vivamente queste guide turistiche e soggiornerei pi\u00f9 a lungo nella zona del deserto.<\/span>\t\t\t\t<\/p>\r\n\t\t\t\t\t\t\t\t<a href=\"https:\/\/www.tripadvisor.it\/Attraction_Review-g293736-d6201237-Reviews-Viagens_por_marrocos-Rabat_Rabat_Sale_Kenitra.html\" target=\"_blank\" rel=\"nofollow\"><img decoding=\"async\" src=\"https:\/\/viagenspormarrocos.com\/it\/wp-content\/plugins\/wp-tripadvisor-review-slider\/public\/partials\/imgs\/tripadvisor_outline.png\" alt=\"tripadvisor logo\" class=\"wptripadvisor_t1_tripadvisor_logo\"><\/a>\t\t\t<\/div><span class=\"wptripadvisor_t1_A_8\"><img decoding=\"async\" src=\"https:\/\/media-cdn.tripadvisor.com\/media\/photo-l\/1a\/f6\/eb\/6d\/default-avatar-2020-19.jpg\" alt=\"avatar thumb\" class=\"wptripadvisor_t1_IMG_4\" loading=\"lazy\"\/><\/span> <span class=\"wptripadvisor_t1_SPAN_5 wprev_preview_tcolor2_T1\">Evina T<br\/><span class=\"wprev_showdate_T1\">January 20, 2020<\/span> <\/span>\r\n\t\t<\/div>\r\n\t\t\t\t<div class=\"wptripadvisor_t1_DIV_1 w3_wprs-col l4 outerrevdiv\">\r\n\t\t\t<div class=\"indrevdiv wptripadvisor_t1_DIV_2 wprev_preview_bg1_T1 wprev_preview_bradius_T1\">\r\n\t\t\t\t<p class=\"wptripadvisor_t1_P_3 wprev_preview_tcolor1_T1\">\r\n\t\t\t\t\t<span class=\"wptripadvisor_star_imgs_T1 wprevpro_star_imgs_T1\"><img decoding=\"async\" src=\"https:\/\/viagenspormarrocos.com\/it\/wp-content\/plugins\/wp-tripadvisor-review-slider\/public\/partials\/imgs\/tripadvisor_stars_5.png\" alt=\"star rating\" class=\"wptripadvisor_t1_star_img_file\">&nbsp;&nbsp;<\/span><span class=\"wprevrevtitle\">Viaggio nel deserto di Merzouga<\/span>&nbsp;-&nbsp;Lo consiglio vivamente. il personale \u00e8 fantastico, erano cos\u00ec divertenti, abbiamo apprezzato la musica e ballare sotto le stelle. Non vedo l'ora di tornare!\t\t\t\t<\/p>\r\n\t\t\t\t\t\t\t\t<a href=\"https:\/\/www.tripadvisor.it\/Attraction_Review-g293736-d6201237-Reviews-Viagens_por_marrocos-Rabat_Rabat_Sale_Kenitra.html\" target=\"_blank\" rel=\"nofollow\"><img decoding=\"async\" src=\"https:\/\/viagenspormarrocos.com\/it\/wp-content\/plugins\/wp-tripadvisor-review-slider\/public\/partials\/imgs\/tripadvisor_outline.png\" alt=\"tripadvisor logo\" class=\"wptripadvisor_t1_tripadvisor_logo\"><\/a>\t\t\t<\/div><span class=\"wptripadvisor_t1_A_8\"><img decoding=\"async\" src=\"https:\/\/media-cdn.tripadvisor.com\/media\/photo-l\/07\/3f\/ec\/f8\/barbara-g.jpg\" alt=\"avatar thumb\" class=\"wptripadvisor_t1_IMG_4\" loading=\"lazy\"\/><\/span> <span class=\"wptripadvisor_t1_SPAN_5 wprev_preview_tcolor2_T1\">BARBARA G<br\/><span class=\"wprev_showdate_T1\">March 9, 2020<\/span> <\/span>\r\n\t\t<\/div>\r\n\t\t\t<\/div>\r\n\t<\/li><\/ul><\/div>\n\n\n<\/div>\n\t\t\t\t\t\t<\/div>\n\t\t\t\t\t<\/div>\n\t\t<\/div>\n\t\t\t\t\t<\/div>\n\t\t<\/section>\n\t\t\t\t<\/div>\n\t\t","protected":false},"excerpt":{"rendered":"<p>chi siamo chi siamo, sa3id \u00e8 un giovane berbero nato e cresciuto nel deserto del sud del Marocco. Parla spagnolo, francese, italiano e arabo, e anche la lorolingua madre e berbera. sa3id e un ragazzio fascinato per la semplicit\u00e0 di vita nel deserto e trova grande satisfazione di esere a l servici di ee viaggiatori [&hellip;]<\/p>\n","protected":false},"author":1,"featured_media":10,"parent":0,"menu_order":0,"comment_status":"closed","ping_status":"closed","template":"","meta":{"site-sidebar-layout":"no-sidebar","site-content-layout":"page-builder","ast-site-content-layout":"default","site-content-style":"default","site-sidebar-style":"default","ast-global-header-display":"","ast-banner-title-visibility":"","ast-main-header-display":"","ast-hfb-above-header-display":"","ast-hfb-below-header-display":"","ast-hfb-mobile-header-display":"","site-post-title":"disabled","ast-breadcrumbs-content":"","ast-featured-img":"disabled","footer-sml-layout":"","ast-disable-related-posts":"","theme-transparent-header-meta":"","adv-header-id-meta":"","stick-header-meta":"","header-above-stick-meta":"","header-main-stick-meta":"","header-below-stick-meta":"","astra-migrate-meta-layouts":"default","ast-page-background-enabled":"default","ast-page-background-meta":{"desktop":{"background-color":"var(--ast-global-color-4)","background-image":"","background-repeat":"repeat","background-position":"center center","background-size":"auto","background-attachment":"scroll","background-type":"","background-media":"","overlay-type":"","overlay-color":"","overlay-opacity":"","overlay-gradient":""},"tablet":{"background-color":"","background-image":"","background-repeat":"repeat","background-position":"center center","background-size":"auto","background-attachment":"scroll","background-type":"","background-media":"","overlay-type":"","overlay-color":"","overlay-opacity":"","overlay-gradient":""},"mobile":{"background-color":"","background-image":"","background-repeat":"repeat","background-position":"center center","background-size":"auto","background-attachment":"scroll","background-type":"","background-media":"","overlay-type":"","overlay-color":"","overlay-opacity":"","overlay-gradient":""}},"ast-content-background-meta":{"desktop":{"background-color":"var(--ast-global-color-5)","background-image":"","background-repeat":"repeat","background-position":"center center","background-size":"auto","background-attachment":"scroll","background-type":"","background-media":"","overlay-type":"","overlay-color":"","overlay-opacity":"","overlay-gradient":""},"tablet":{"background-color":"var(--ast-global-color-5)","background-image":"","background-repeat":"repeat","background-position":"center center","background-size":"auto","background-attachment":"scroll","background-type":"","background-media":"","overlay-type":"","overlay-color":"","overlay-opacity":"","overlay-gradient":""},"mobile":{"background-color":"var(--ast-global-color-5)","background-image":"","background-repeat":"repeat","background-position":"center center","background-size":"auto","background-attachment":"scroll","background-type":"","background-media":"","overlay-type":"","overlay-color":"","overlay-opacity":"","overlay-gradient":""}},"footnotes":""},"class_list":["post-292","page","type-page","status-publish","has-post-thumbnail","hentry"],"yoast_head":"<!-- This site is optimized with the Yoast SEO plugin v28.4 - https:\/\/yoast.com\/product\/yoast-seo-wordpress\/ -->\n<title>chi siamo<\/title>\n<meta name=\"description\" content=\"chi siamo, sa3id \u00e8 un giovane berbero nato e cresciuto nel deserto del sud del Marocco. Parla spagnolo, francese, italiano e arabo\" \/>\n<meta name=\"robots\" content=\"index, follow, max-snippet:-1, max-image-preview:large, max-video-preview:-1\" \/>\n<link rel=\"canonical\" href=\"https:\/\/viagenspormarrocos.com\/it\/chi-siamo\/\" \/>\n<meta property=\"og:locale\" content=\"en_US\" \/>\n<meta property=\"og:type\" content=\"article\" \/>\n<meta property=\"og:title\" content=\"chi siamo\" \/>\n<meta property=\"og:description\" content=\"chi siamo, sa3id \u00e8 un giovane berbero nato e cresciuto nel deserto del sud del Marocco. Parla spagnolo, francese, italiano e arabo\" \/>\n<meta property=\"og:url\" content=\"https:\/\/viagenspormarrocos.com\/it\/chi-siamo\/\" \/>\n<meta property=\"og:site_name\" content=\"My Blog\" \/>\n<meta property=\"article:modified_time\" content=\"2023-02-13T12:32:35+00:00\" \/>\n<meta property=\"og:image\" content=\"https:\/\/viagenspormarrocos.com\/it\/wp-content\/uploads\/2023\/02\/13254413_629991517153913_6919479716474951456_n.jpg\" \/>\n\t<meta property=\"og:image:width\" content=\"300\" \/>\n\t<meta property=\"og:image:height\" content=\"225\" \/>\n\t<meta property=\"og:image:type\" content=\"image\/jpeg\" \/>\n<meta name=\"twitter:card\" content=\"summary_large_image\" \/>\n<meta name=\"twitter:label1\" content=\"Est. reading time\" \/>\n\t<meta name=\"twitter:data1\" content=\"7 minutes\" \/>\n<script type=\"application\/ld+json\" class=\"yoast-schema-graph\">{\"@context\":\"https:\\\/\\\/schema.org\",\"@graph\":[{\"@type\":\"WebPage\",\"@id\":\"https:\\\/\\\/viagenspormarrocos.com\\\/it\\\/chi-siamo\\\/\",\"url\":\"https:\\\/\\\/viagenspormarrocos.com\\\/it\\\/chi-siamo\\\/\",\"name\":\"chi siamo\",\"isPartOf\":{\"@id\":\"https:\\\/\\\/viagenspormarrocos.com\\\/it\\\/#website\"},\"primaryImageOfPage\":{\"@id\":\"https:\\\/\\\/viagenspormarrocos.com\\\/it\\\/chi-siamo\\\/#primaryimage\"},\"image\":{\"@id\":\"https:\\\/\\\/viagenspormarrocos.com\\\/it\\\/chi-siamo\\\/#primaryimage\"},\"thumbnailUrl\":\"https:\\\/\\\/viagenspormarrocos.com\\\/it\\\/wp-content\\\/uploads\\\/2023\\\/02\\\/13254413_629991517153913_6919479716474951456_n.jpg\",\"datePublished\":\"2023-02-13T12:06:31+00:00\",\"dateModified\":\"2023-02-13T12:32:35+00:00\",\"description\":\"chi siamo, sa3id \u00e8 un giovane berbero nato e cresciuto nel deserto del sud del Marocco. Parla spagnolo, francese, italiano e arabo\",\"breadcrumb\":{\"@id\":\"https:\\\/\\\/viagenspormarrocos.com\\\/it\\\/chi-siamo\\\/#breadcrumb\"},\"inLanguage\":\"en-US\",\"potentialAction\":[{\"@type\":\"ReadAction\",\"target\":[\"https:\\\/\\\/viagenspormarrocos.com\\\/it\\\/chi-siamo\\\/\"]}]},{\"@type\":\"ImageObject\",\"inLanguage\":\"en-US\",\"@id\":\"https:\\\/\\\/viagenspormarrocos.com\\\/it\\\/chi-siamo\\\/#primaryimage\",\"url\":\"https:\\\/\\\/viagenspormarrocos.com\\\/it\\\/wp-content\\\/uploads\\\/2023\\\/02\\\/13254413_629991517153913_6919479716474951456_n.jpg\",\"contentUrl\":\"https:\\\/\\\/viagenspormarrocos.com\\\/it\\\/wp-content\\\/uploads\\\/2023\\\/02\\\/13254413_629991517153913_6919479716474951456_n.jpg\",\"width\":300,\"height\":225,\"caption\":\"Chi Siamo\"},{\"@type\":\"BreadcrumbList\",\"@id\":\"https:\\\/\\\/viagenspormarrocos.com\\\/it\\\/chi-siamo\\\/#breadcrumb\",\"itemListElement\":[{\"@type\":\"ListItem\",\"position\":1,\"name\":\"Home\",\"item\":\"https:\\\/\\\/viagenspormarrocos.com\\\/it\\\/\"},{\"@type\":\"ListItem\",\"position\":2,\"name\":\"chi siamo\"}]},{\"@type\":\"WebSite\",\"@id\":\"https:\\\/\\\/viagenspormarrocos.com\\\/it\\\/#website\",\"url\":\"https:\\\/\\\/viagenspormarrocos.com\\\/it\\\/\",\"name\":\"My Blog\",\"description\":\"My WordPress Blog\",\"potentialAction\":[{\"@type\":\"SearchAction\",\"target\":{\"@type\":\"EntryPoint\",\"urlTemplate\":\"https:\\\/\\\/viagenspormarrocos.com\\\/it\\\/?s={search_term_string}\"},\"query-input\":{\"@type\":\"PropertyValueSpecification\",\"valueRequired\":true,\"valueName\":\"search_term_string\"}}],\"inLanguage\":\"en-US\"}]}<\/script>\n<!-- \/ Yoast SEO plugin. -->","yoast_head_json":{"title":"chi siamo","description":"chi siamo, sa3id \u00e8 un giovane berbero nato e cresciuto nel deserto del sud del Marocco. Parla spagnolo, francese, italiano e arabo","robots":{"index":"index","follow":"follow","max-snippet":"max-snippet:-1","max-image-preview":"max-image-preview:large","max-video-preview":"max-video-preview:-1"},"canonical":"https:\/\/viagenspormarrocos.com\/it\/chi-siamo\/","og_locale":"en_US","og_type":"article","og_title":"chi siamo","og_description":"chi siamo, sa3id \u00e8 un giovane berbero nato e cresciuto nel deserto del sud del Marocco. Parla spagnolo, francese, italiano e arabo","og_url":"https:\/\/viagenspormarrocos.com\/it\/chi-siamo\/","og_site_name":"My Blog","article_modified_time":"2023-02-13T12:32:35+00:00","og_image":[{"width":300,"height":225,"url":"https:\/\/viagenspormarrocos.com\/it\/wp-content\/uploads\/2023\/02\/13254413_629991517153913_6919479716474951456_n.jpg","type":"image\/jpeg"}],"twitter_card":"summary_large_image","twitter_misc":{"Est. reading time":"7 minutes"},"schema":{"@context":"https:\/\/schema.org","@graph":[{"@type":"WebPage","@id":"https:\/\/viagenspormarrocos.com\/it\/chi-siamo\/","url":"https:\/\/viagenspormarrocos.com\/it\/chi-siamo\/","name":"chi siamo","isPartOf":{"@id":"https:\/\/viagenspormarrocos.com\/it\/#website"},"primaryImageOfPage":{"@id":"https:\/\/viagenspormarrocos.com\/it\/chi-siamo\/#primaryimage"},"image":{"@id":"https:\/\/viagenspormarrocos.com\/it\/chi-siamo\/#primaryimage"},"thumbnailUrl":"https:\/\/viagenspormarrocos.com\/it\/wp-content\/uploads\/2023\/02\/13254413_629991517153913_6919479716474951456_n.jpg","datePublished":"2023-02-13T12:06:31+00:00","dateModified":"2023-02-13T12:32:35+00:00","description":"chi siamo, sa3id \u00e8 un giovane berbero nato e cresciuto nel deserto del sud del Marocco. Parla spagnolo, francese, italiano e arabo","breadcrumb":{"@id":"https:\/\/viagenspormarrocos.com\/it\/chi-siamo\/#breadcrumb"},"inLanguage":"en-US","potentialAction":[{"@type":"ReadAction","target":["https:\/\/viagenspormarrocos.com\/it\/chi-siamo\/"]}]},{"@type":"ImageObject","inLanguage":"en-US","@id":"https:\/\/viagenspormarrocos.com\/it\/chi-siamo\/#primaryimage","url":"https:\/\/viagenspormarrocos.com\/it\/wp-content\/uploads\/2023\/02\/13254413_629991517153913_6919479716474951456_n.jpg","contentUrl":"https:\/\/viagenspormarrocos.com\/it\/wp-content\/uploads\/2023\/02\/13254413_629991517153913_6919479716474951456_n.jpg","width":300,"height":225,"caption":"Chi Siamo"},{"@type":"BreadcrumbList","@id":"https:\/\/viagenspormarrocos.com\/it\/chi-siamo\/#breadcrumb","itemListElement":[{"@type":"ListItem","position":1,"name":"Home","item":"https:\/\/viagenspormarrocos.com\/it\/"},{"@type":"ListItem","position":2,"name":"chi siamo"}]},{"@type":"WebSite","@id":"https:\/\/viagenspormarrocos.com\/it\/#website","url":"https:\/\/viagenspormarrocos.com\/it\/","name":"My Blog","description":"My WordPress Blog","potentialAction":[{"@type":"SearchAction","target":{"@type":"EntryPoint","urlTemplate":"https:\/\/viagenspormarrocos.com\/it\/?s={search_term_string}"},"query-input":{"@type":"PropertyValueSpecification","valueRequired":true,"valueName":"search_term_string"}}],"inLanguage":"en-US"}]}},"_links":{"self":[{"href":"https:\/\/viagenspormarrocos.com\/it\/wp-json\/wp\/v2\/pages\/292","targetHints":{"allow":["GET"]}}],"collection":[{"href":"https:\/\/viagenspormarrocos.com\/it\/wp-json\/wp\/v2\/pages"}],"about":[{"href":"https:\/\/viagenspormarrocos.com\/it\/wp-json\/wp\/v2\/types\/page"}],"author":[{"embeddable":true,"href":"https:\/\/viagenspormarrocos.com\/it\/wp-json\/wp\/v2\/users\/1"}],"replies":[{"embeddable":true,"href":"https:\/\/viagenspormarrocos.com\/it\/wp-json\/wp\/v2\/comments?post=292"}],"version-history":[{"count":32,"href":"https:\/\/viagenspormarrocos.com\/it\/wp-json\/wp\/v2\/pages\/292\/revisions"}],"predecessor-version":[{"id":331,"href":"https:\/\/viagenspormarrocos.com\/it\/wp-json\/wp\/v2\/pages\/292\/revisions\/331"}],"wp:featuredmedia":[{"embeddable":true,"href":"https:\/\/viagenspormarrocos.com\/it\/wp-json\/wp\/v2\/media\/10"}],"wp:attachment":[{"href":"https:\/\/viagenspormarrocos.com\/it\/wp-json\/wp\/v2\/media?parent=292"}],"curies":[{"name":"wp","href":"https:\/\/api.w.org\/{rel}","templated":true}]}}